{"id":18992,"date":"2026-03-19T08:25:55","date_gmt":"2026-03-19T07:25:55","guid":{"rendered":"https:\/\/plataformavoluntariat.org\/?page_id=18992"},"modified":"2026-04-24T11:38:25","modified_gmt":"2026-04-24T10:38:25","slug":"asesoramiento-y-acompanamiento-a-entidades-2","status":"publish","type":"page","link":"https:\/\/plataformavoluntariat.org\/es\/asesoramiento-y-acompanamiento-a-entidades-2\/","title":{"rendered":"Voluntariado Joven en Europa"},"content":{"rendered":"<p>[et_pb_section fb_built=\u00bb1&#8243; fullwidth=\u00bbon\u00bb _builder_version=\u00bb4.27.6&#8243; background_image=\u00bbhttps:\/\/plataformavoluntariat.org\/wp-content\/uploads\/2026\/03\/cuerpo-europeo-de-la-solidaridad.jpg\u00bb global_colors_info=\u00bb{}\u00bb][et_pb_fullwidth_header title=\u00bbVoluntariado Joven en Europa\u00bb text_orientation=\u00bbcenter\u00bb _builder_version=\u00bb4.27.6&#8243; _module_preset=\u00bbdefault\u00bb title_font=\u00bb&#8211;et_global_heading_font|600|||||||\u00bb title_font_size=\u00bb50px\u00bb background_color=\u00bbRGBA(255,255,255,0)\u00bb background_image=\u00bbhttps:\/\/plataformavoluntariat.org\/wp-content\/uploads\/2026\/03\/Cos-Europeu-de-Solidaritat.jpg\u00bb parallax=\u00bbon\u00bb height_tablet=\u00bb\u00bb height_phone=\u00bb\u00bb height_last_edited=\u00bbon|phone\u00bb global_colors_info=\u00bb{}\u00bb][\/et_pb_fullwidth_header][\/et_pb_section][et_pb_section fb_built=\u00bb1&#8243; _builder_version=\u00bb4.16&#8243; custom_padding=\u00bb||0px|||\u00bb global_colors_info=\u00bb{}\u00bb][et_pb_row _builder_version=\u00bb4.16&#8243; background_size=\u00bbinitial\u00bb background_position=\u00bbtop_left\u00bb background_repeat=\u00bbrepeat\u00bb global_colors_info=\u00bb{}\u00bb][et_pb_column type=\u00bb4_4&#8243; _builder_version=\u00bb4.16&#8243; custom_padding=\u00bb|||\u00bb global_colors_info=\u00bb{}\u00bb custom_padding__hover=\u00bb|||\u00bb][et_pb_text _builder_version=\u00bb4.27.6&#8243; z_index_tablet=\u00bb500&#8243; text_text_shadow_horizontal_length_tablet=\u00bb0px\u00bb text_text_shadow_vertical_length_tablet=\u00bb0px\u00bb text_text_shadow_blur_strength_tablet=\u00bb1px\u00bb link_text_shadow_horizontal_length_tablet=\u00bb0px\u00bb link_text_shadow_vertical_length_tablet=\u00bb0px\u00bb link_text_shadow_blur_strength_tablet=\u00bb1px\u00bb ul_text_shadow_horizontal_length_tablet=\u00bb0px\u00bb ul_text_shadow_vertical_length_tablet=\u00bb0px\u00bb ul_text_shadow_blur_strength_tablet=\u00bb1px\u00bb ol_text_shadow_horizontal_length_tablet=\u00bb0px\u00bb ol_text_shadow_vertical_length_tablet=\u00bb0px\u00bb ol_text_shadow_blur_strength_tablet=\u00bb1px\u00bb quote_text_shadow_horizontal_length_tablet=\u00bb0px\u00bb quote_text_shadow_vertical_length_tablet=\u00bb0px\u00bb quote_text_shadow_blur_strength_tablet=\u00bb1px\u00bb header_text_shadow_horizontal_length_tablet=\u00bb0px\u00bb header_text_shadow_vertical_length_tablet=\u00bb0px\u00bb header_text_shadow_blur_strength_tablet=\u00bb1px\u00bb header_2_text_shadow_horizontal_length_tablet=\u00bb0px\u00bb header_2_text_shadow_vertical_length_tablet=\u00bb0px\u00bb header_2_text_shadow_blur_strength_tablet=\u00bb1px\u00bb header_3_text_shadow_horizontal_length_tablet=\u00bb0px\u00bb header_3_text_shadow_vertical_length_tablet=\u00bb0px\u00bb header_3_text_shadow_blur_strength_tablet=\u00bb1px\u00bb header_4_text_shadow_horizontal_length_tablet=\u00bb0px\u00bb header_4_text_shadow_vertical_length_tablet=\u00bb0px\u00bb header_4_text_shadow_blur_strength_tablet=\u00bb1px\u00bb header_5_text_shadow_horizontal_length_tablet=\u00bb0px\u00bb header_5_text_shadow_vertical_length_tablet=\u00bb0px\u00bb header_5_text_shadow_blur_strength_tablet=\u00bb1px\u00bb header_6_text_shadow_horizontal_length_tablet=\u00bb0px\u00bb header_6_text_shadow_vertical_length_tablet=\u00bb0px\u00bb header_6_text_shadow_blur_strength_tablet=\u00bb1px\u00bb box_shadow_horizontal_tablet=\u00bb0px\u00bb box_shadow_vertical_tablet=\u00bb0px\u00bb box_shadow_blur_tablet=\u00bb40px\u00bb box_shadow_spread_tablet=\u00bb0px\u00bb global_colors_info=\u00bb{}\u00bb]<\/p>\n<h2 data-path-to-node=\"2\">Deja tu huella: Haz voluntario con el Cuerpo Europeo de Solidaridad.<\/h2>\n<p data-path-to-node=\"3\">[\/et_pb_text][\/et_pb_column][\/et_pb_row][et_pb_row column_structure=\u00bb3_4,1_4&#8243; _builder_version=\u00bb4.16&#8243; background_size=\u00bbinitial\u00bb background_position=\u00bbtop_left\u00bb background_repeat=\u00bbrepeat\u00bb custom_padding=\u00bb8px|||||\u00bb global_colors_info=\u00bb{}\u00bb][et_pb_column type=\u00bb3_4&#8243; _builder_version=\u00bb4.16&#8243; custom_padding=\u00bb|||\u00bb global_colors_info=\u00bb{}\u00bb custom_padding__hover=\u00bb|||\u00bb][et_pb_text _builder_version=\u00bb4.27.6&#8243; z_index_tablet=\u00bb500&#8243; text_text_shadow_horizontal_length_tablet=\u00bb0px\u00bb text_text_shadow_vertical_length_tablet=\u00bb0px\u00bb text_text_shadow_blur_strength_tablet=\u00bb1px\u00bb link_text_shadow_horizontal_length_tablet=\u00bb0px\u00bb link_text_shadow_vertical_length_tablet=\u00bb0px\u00bb link_text_shadow_blur_strength_tablet=\u00bb1px\u00bb ul_text_shadow_horizontal_length_tablet=\u00bb0px\u00bb ul_text_shadow_vertical_length_tablet=\u00bb0px\u00bb ul_text_shadow_blur_strength_tablet=\u00bb1px\u00bb ol_text_shadow_horizontal_length_tablet=\u00bb0px\u00bb ol_text_shadow_vertical_length_tablet=\u00bb0px\u00bb ol_text_shadow_blur_strength_tablet=\u00bb1px\u00bb quote_text_shadow_horizontal_length_tablet=\u00bb0px\u00bb quote_text_shadow_vertical_length_tablet=\u00bb0px\u00bb quote_text_shadow_blur_strength_tablet=\u00bb1px\u00bb header_text_shadow_horizontal_length_tablet=\u00bb0px\u00bb header_text_shadow_vertical_length_tablet=\u00bb0px\u00bb header_text_shadow_blur_strength_tablet=\u00bb1px\u00bb header_2_text_shadow_horizontal_length_tablet=\u00bb0px\u00bb header_2_text_shadow_vertical_length_tablet=\u00bb0px\u00bb header_2_text_shadow_blur_strength_tablet=\u00bb1px\u00bb header_3_text_shadow_horizontal_length_tablet=\u00bb0px\u00bb header_3_text_shadow_vertical_length_tablet=\u00bb0px\u00bb header_3_text_shadow_blur_strength_tablet=\u00bb1px\u00bb header_4_text_shadow_horizontal_length_tablet=\u00bb0px\u00bb header_4_text_shadow_vertical_length_tablet=\u00bb0px\u00bb header_4_text_shadow_blur_strength_tablet=\u00bb1px\u00bb header_5_text_shadow_horizontal_length_tablet=\u00bb0px\u00bb header_5_text_shadow_vertical_length_tablet=\u00bb0px\u00bb header_5_text_shadow_blur_strength_tablet=\u00bb1px\u00bb header_6_text_shadow_horizontal_length_tablet=\u00bb0px\u00bb header_6_text_shadow_vertical_length_tablet=\u00bb0px\u00bb header_6_text_shadow_blur_strength_tablet=\u00bb1px\u00bb box_shadow_horizontal_tablet=\u00bb0px\u00bb box_shadow_vertical_tablet=\u00bb0px\u00bb box_shadow_blur_tablet=\u00bb40px\u00bb box_shadow_spread_tablet=\u00bb0px\u00bb global_colors_info=\u00bb{}\u00bb]<\/p>\n<p>\u00bfTe gustar\u00eda vivir una experiencia que te cambie la vida? \u00bfTienes ganas de conocer una nueva cultura, aprender idiomas y, sobre todo, dedicar tu tiempo a proyectos que realmente marcan la diferencia? Si tienes entre <strong>18 y 30<\/strong> a\u00f1os, el <strong>Cuerpo Europeo de Solidaridad (CES)<\/strong> es tu oportunidad para descubrir Europa desde una perspectiva solidaria y comprometida.  <\/p>\n<p data-path-to-node=\"3\">Desde la <strong>Plataforma del Voluntariado<\/strong> de las Islas Baleares, queremos ser tu trampol\u00edn hacia esta aventura. Te acompa\u00f1amos y ayudamos a gestionar todo el proceso para que puedas formar parte de iniciativas internacionales que buscan transformar la sociedad. <\/p>\n<p>[\/et_pb_text][\/et_pb_column][et_pb_column type=\u00bb1_4&#8243; _builder_version=\u00bb4.16&#8243; custom_padding=\u00bb|||\u00bb global_colors_info=\u00bb{}\u00bb custom_padding__hover=\u00bb|||\u00bb][et_pb_image src=\u00bbhttps:\/\/plataformavoluntariat.org\/wp-content\/uploads\/2026\/03\/ES_ESC-label_Karbon_page-0001_Logo_QL.jpg\u00bb alt=\u00bbSello de calidad Cuerpo Europeo de Solidaridad\u00bb title_text=\u00bbES_ESC-label_Karbon_page-0001_Logo_QL\u00bb url=\u00bbhttps:\/\/plataformavoluntariat.org\/wp-content\/uploads\/2025\/03\/Guia-Feim-Voluntariat-versio-digital-2025.pdf\u00bb url_new_window=\u00bbon\u00bb _builder_version=\u00bb4.27.6&#8243; _module_preset=\u00bbdefault\u00bb max_width=\u00bb100%\u00bb max_width_tablet=\u00bb33%\u00bb max_width_phone=\u00bb\u00bb max_width_last_edited=\u00bbon|phone\u00bb module_alignment=\u00bbcenter\u00bb global_colors_info=\u00bb{}\u00bb][\/et_pb_image][\/et_pb_column][\/et_pb_row][et_pb_row _builder_version=\u00bb4.27.6&#8243; _module_preset=\u00bbdefault\u00bb global_colors_info=\u00bb{}\u00bb][et_pb_column type=\u00bb4_4&#8243; _builder_version=\u00bb4.27.6&#8243; _module_preset=\u00bbdefault\u00bb global_colors_info=\u00bb{}\u00bb][et_pb_text _builder_version=\u00bb4.27.6&#8243; z_index_tablet=\u00bb500&#8243; text_text_shadow_horizontal_length_tablet=\u00bb0px\u00bb text_text_shadow_vertical_length_tablet=\u00bb0px\u00bb text_text_shadow_blur_strength_tablet=\u00bb1px\u00bb link_text_shadow_horizontal_length_tablet=\u00bb0px\u00bb link_text_shadow_vertical_length_tablet=\u00bb0px\u00bb link_text_shadow_blur_strength_tablet=\u00bb1px\u00bb ul_text_shadow_horizontal_length_tablet=\u00bb0px\u00bb ul_text_shadow_vertical_length_tablet=\u00bb0px\u00bb ul_text_shadow_blur_strength_tablet=\u00bb1px\u00bb ol_text_shadow_horizontal_length_tablet=\u00bb0px\u00bb ol_text_shadow_vertical_length_tablet=\u00bb0px\u00bb ol_text_shadow_blur_strength_tablet=\u00bb1px\u00bb quote_text_shadow_horizontal_length_tablet=\u00bb0px\u00bb quote_text_shadow_vertical_length_tablet=\u00bb0px\u00bb quote_text_shadow_blur_strength_tablet=\u00bb1px\u00bb header_text_shadow_horizontal_length_tablet=\u00bb0px\u00bb header_text_shadow_vertical_length_tablet=\u00bb0px\u00bb header_text_shadow_blur_strength_tablet=\u00bb1px\u00bb header_2_text_shadow_horizontal_length_tablet=\u00bb0px\u00bb header_2_text_shadow_vertical_length_tablet=\u00bb0px\u00bb header_2_text_shadow_blur_strength_tablet=\u00bb1px\u00bb header_3_text_shadow_horizontal_length_tablet=\u00bb0px\u00bb header_3_text_shadow_vertical_length_tablet=\u00bb0px\u00bb header_3_text_shadow_blur_strength_tablet=\u00bb1px\u00bb header_4_text_shadow_horizontal_length_tablet=\u00bb0px\u00bb header_4_text_shadow_vertical_length_tablet=\u00bb0px\u00bb header_4_text_shadow_blur_strength_tablet=\u00bb1px\u00bb header_5_text_shadow_horizontal_length_tablet=\u00bb0px\u00bb header_5_text_shadow_vertical_length_tablet=\u00bb0px\u00bb header_5_text_shadow_blur_strength_tablet=\u00bb1px\u00bb header_6_text_shadow_horizontal_length_tablet=\u00bb0px\u00bb header_6_text_shadow_vertical_length_tablet=\u00bb0px\u00bb header_6_text_shadow_blur_strength_tablet=\u00bb1px\u00bb box_shadow_horizontal_tablet=\u00bb0px\u00bb box_shadow_vertical_tablet=\u00bb0px\u00bb box_shadow_blur_tablet=\u00bb40px\u00bb box_shadow_spread_tablet=\u00bb0px\u00bb global_colors_info=\u00bb{}\u00bb]<\/p>\n<h4 data-path-to-node=\"5\">\u00bfQu\u00e9 debes saber?<\/h4>\n<p data-path-to-node=\"6\">El voluntariado europeo no es s\u00f3lo un viaje; es un camino de crecimiento personal y profesional. Puedes elegir el proyecto que m\u00e1s se ajuste a tus inquietudes: <\/p>\n<ul data-path-to-node=\"7\">\n<li>\n<p data-path-to-node=\"7,0,0\"><strong>\u00c1mbitos de actuaci\u00f3n<\/strong>: Podr\u00e1s colaborar en proyectos de <strong>acci\u00f3n social<\/strong>, preservaci\u00f3n del <strong>medio ambiente<\/strong>, promoci\u00f3n de la <strong>cultura<\/strong>, proyectos de <strong>educaci\u00f3n <\/strong>o iniciativas para la <strong>inclusi\u00f3n <\/strong>social.<\/p>\n<\/li>\n<li>\n<p data-path-to-node=\"7,1,0\"><strong>Duraci\u00f3n a tu medida<\/strong>: Existen estancias para todas las disponibilidades, desde proyectos de corta duraci\u00f3n (<strong>dos semanas<\/strong>) hasta experiencias de inmersi\u00f3n total de <strong>doce meses<\/strong>.<\/p>\n<\/li>\n<li>\n<p data-path-to-node=\"7,2,0\"><strong>Destinos<\/strong>: Diferentes pa\u00edses de la Uni\u00f3n Europea y otros pa\u00edses asociados te esperan con los brazos abiertos.<\/p>\n<\/li>\n<\/ul>\n<h4 data-path-to-node=\"8\">\u00bfC\u00f3mo te ayudaremos desde la Plataforma?<\/h4>\n<p data-path-to-node=\"9\">No estar\u00e1s solo en ese camino. Si te diriges a la Plataforma del Voluntariado de las Islas Baleares, te ofreceremos: <\/p>\n<ol>\n<li data-path-to-node=\"10,0,0\"><strong>Informaci\u00f3n detallada<\/strong> sobre el funcionamiento del programa.<\/li>\n<li data-path-to-node=\"10,1,0\"><strong>Orientaci\u00f3n <\/strong>para elegir el proyecto que mejor se adapte a tu perfil.<\/li>\n<li data-path-to-node=\"10,1,0\"><strong>Seguimiento <\/strong>durante la estancia de la acci\u00f3n voluntaria.<\/li>\n<li data-path-to-node=\"10,2,0\"><strong>Acompa\u00f1amiento <\/strong>en el regreso de la experiencia.<\/li>\n<\/ol>\n<h4 data-path-to-node=\"11\"><\/h4>\n<h4 data-path-to-node=\"11\">\u00a1Da el primer paso!<\/h4>\n<p data-path-to-node=\"12\">Si eres una persona inquieta y quieres poner tu <strong>granito de arena<\/strong> en Europa, no lo pienses m\u00e1s. El momento de vivir esa experiencia es ahora. <\/p>\n<p data-path-to-node=\"13\"><strong>\u00bfQuieres empezar tu aventura? <\/strong>Puedes asistir a las charlas informativas que organizamos o ponerte en contacto con nosotros mediante:<\/p>\n<ul>\n<li data-path-to-node=\"13\">Correu: <a href=\"mailto:info@plataformavoluntariat.org\">europajove@plataformavoluntariat.org<\/a><\/li>\n<li data-path-to-node=\"13\">Tel\u00e9fono de atenci\u00f3n gratuita: <a href=\"tel:+34900102979\">900 102 979<\/a><\/li>\n<li data-path-to-node=\"13\">Mensaje: <a href=\"https:\/\/wa.me\/34650801026\" target=\"_blank\" rel=\"noopener\">650 80 10 26<\/a><\/li>\n<li data-path-to-node=\"13\">Presentacialmente: <a href=\"https:\/\/maps.app.goo.gl\/ZFEoYTmu47qWCFcC9\" target=\"_blank\" rel=\"noopener\">En el Espacio de Entidades Isabel Rossell\u00f3 i Girart de Palma<\/a><\/li>\n<\/ul>\n<p data-path-to-node=\"13\">\u00a1Te esperamos para ayudarte a hacer realidad tu voluntariado europeo!<\/p>\n<p>[\/et_pb_text][\/et_pb_column][\/et_pb_row][\/et_pb_section][et_pb_section fb_built=\u00bb1&#8243; _builder_version=\u00bb4.27.6&#8243; _module_preset=\u00bbdefault\u00bb background_color=\u00bb#705091&#8243; global_colors_info=\u00bb{}\u00bb][et_pb_row column_structure=\u00bb1_5,3_5,1_5&#8243; _builder_version=\u00bb4.27.6&#8243; _module_preset=\u00bbdefault\u00bb hover_enabled=\u00bb0&#8243; global_colors_info=\u00bb{}\u00bb disabled_on=\u00bbon|on|on\u00bb disabled=\u00bbon\u00bb sticky_enabled=\u00bb0&#8243;][et_pb_column type=\u00bb1_5&#8243; _builder_version=\u00bb4.27.6&#8243; _module_preset=\u00bbdefault\u00bb global_colors_info=\u00bb{}\u00bb][\/et_pb_column][et_pb_column type=\u00bb3_5&#8243; _builder_version=\u00bb4.27.6&#8243; _module_preset=\u00bbdefault\u00bb global_colors_info=\u00bb{}\u00bb][et_pb_code _builder_version=\u00bb4.27.6&#8243; _module_preset=\u00bbdefault\u00bb global_colors_info=\u00bb{}\u00bb]<iframe loading=\"lazy\" src=\"https:\/\/docs.google.com\/forms\/d\/e\/1FAIpQLSeuy-Cd0mZdnsDD9w-d7x8XJsV2bePjDoTknNztkilmZyUrEQ\/viewform?embedded=true\" width=\"640\" height=\"4700\" frameborder=\"0\" marginheight=\"0\" marginwidth=\"0\">S&#8217;est\u00e0 carregant\u2026<\/iframe>[\/et_pb_code][\/et_pb_column][et_pb_column type=\u00bb1_5&#8243; _builder_version=\u00bb4.27.6&#8243; _module_preset=\u00bbdefault\u00bb global_colors_info=\u00bb{}\u00bb][\/et_pb_column][\/et_pb_row][\/et_pb_section]<\/p>\n","protected":false},"excerpt":{"rendered":"<p>Deja tu huella: Haz voluntario con el Cuerpo Europeo de Solidaridad. \u00bfTe gustar\u00eda vivir una experiencia que te cambie la vida? \u00bfTienes ganas de conocer una nueva cultura, aprender idiomas y, sobre todo, dedicar tu tiempo a proyectos que realmente marcan la diferencia? Si tienes entre 18 y 30 a\u00f1os, el Cuerpo Europeo de Solidaridad (CES) es tu oportunidad para descubrir Europa desde una perspectiva solidaria y comprometida. Desde la Plataforma del Voluntariado de las Islas Baleares, queremos ser tu trampol\u00edn hacia esta aventura. Te acompa\u00f1amos y ayudamos a gestionar todo el proceso para que puedas formar parte de iniciativas internacionales que buscan transformar la sociedad. \u00bfQu\u00e9 debes saber? El voluntariado europeo no es s\u00f3lo un viaje; es un camino de crecimiento personal y profesional. Puedes elegir el proyecto que m\u00e1s se ajuste a tus inquietudes: \u00c1mbitos de actuaci\u00f3n: Podr\u00e1s colaborar en proyectos de acci\u00f3n social, preservaci\u00f3n del medio ambiente, promoci\u00f3n de la cultura, proyectos de educaci\u00f3n o iniciativas para la inclusi\u00f3n social. Duraci\u00f3n a tu medida: Existen estancias para todas las disponibilidades, desde proyectos de corta duraci\u00f3n (dos semanas) hasta experiencias de inmersi\u00f3n total de doce meses. Destinos: Diferentes pa\u00edses de la Uni\u00f3n Europea y otros pa\u00edses asociados te [&hellip;]<\/p>\n","protected":false},"author":3,"featured_media":0,"parent":0,"menu_order":0,"comment_status":"closed","ping_status":"closed","template":"","meta":{"_acf_changed":false,"_et_pb_use_builder":"on","_et_pb_old_content":"","_et_gb_content_width":"","_monsterinsights_skip_tracking":false,"_monsterinsights_sitenote_active":false,"_monsterinsights_sitenote_note":"","_monsterinsights_sitenote_category":0,"footnotes":""},"class_list":["post-18992","page","type-page","status-publish","hentry"],"acf":[],"_links":{"self":[{"href":"https:\/\/plataformavoluntariat.org\/es\/wp-json\/wp\/v2\/pages\/18992","targetHints":{"allow":["GET"]}}],"collection":[{"href":"https:\/\/plataformavoluntariat.org\/es\/wp-json\/wp\/v2\/pages"}],"about":[{"href":"https:\/\/plataformavoluntariat.org\/es\/wp-json\/wp\/v2\/types\/page"}],"author":[{"embeddable":true,"href":"https:\/\/plataformavoluntariat.org\/es\/wp-json\/wp\/v2\/users\/3"}],"replies":[{"embeddable":true,"href":"https:\/\/plataformavoluntariat.org\/es\/wp-json\/wp\/v2\/comments?post=18992"}],"version-history":[{"count":15,"href":"https:\/\/plataformavoluntariat.org\/es\/wp-json\/wp\/v2\/pages\/18992\/revisions"}],"predecessor-version":[{"id":19187,"href":"https:\/\/plataformavoluntariat.org\/es\/wp-json\/wp\/v2\/pages\/18992\/revisions\/19187"}],"wp:attachment":[{"href":"https:\/\/plataformavoluntariat.org\/es\/wp-json\/wp\/v2\/media?parent=18992"}],"curies":[{"name":"wp","href":"https:\/\/api.w.org\/{rel}","templated":true}]}}